{"id":1782,"date":"2022-07-25T11:39:43","date_gmt":"2022-07-25T11:39:43","guid":{"rendered":"https:\/\/dadesxbarris.iniciativabarcelonaopendata.cat\/?page_id=1782"},"modified":"2023-05-29T14:48:38","modified_gmt":"2023-05-29T14:48:38","slug":"metodologia","status":"publish","type":"page","link":"https:\/\/dadesxbarris.iniciativabarcelonaopendata.cat\/index.php\/metodologia\/","title":{"rendered":"Metodolog\u00eda i Dades"},"content":{"rendered":"\n<p>Per definir les tem\u00e0tiques a tractar es va realitzar una datat\u00f3 el 26 d\u2019abril en qu\u00e8 van participar entitats dels barris de Sant Gen\u00eds dels Agudells i Sant Mart\u00ed de Proven\u00e7als. D\u2019aquesta trobada en van sortir els grups de treball i les tem\u00e0tiques a tractar, aix\u00ed com un primer conjunt de dades. A partir d\u2019aqu\u00ed cada grup ha treballat una tem\u00e0tica ampliant la recerca i fent servir altres fonts de dades.<\/p>\n\n\n\n<p>Els grups van distribuir-se com segueix:<br>Equipaments: <strong>Ana Garz\u00f3n<\/strong>, <strong>Cristina D\u00edez<\/strong>, <strong>Luisa Varela<\/strong><br>Demografia: <strong>Patricia martinez<\/strong>, <strong>Jesica Faciaben<\/strong>, <strong>Libertad Venegas<\/strong><br>Pobresa: <strong>Marga Nu\u00f1ez<\/strong>, <strong>Silvia Fernandez<\/strong>, <strong>Sonia Mart\u00ednez<\/strong><br>Sostenibilitat: <strong>Laura Argiles<\/strong>, <strong>Maria Eugenia Hernandez<\/strong>, <strong>Elizabeth Ledesma<\/strong><br>Habitatge: <strong>Sabrina Batlle<\/strong>, <strong>Ester Jolonch<\/strong>, <strong>Gemma Romero<\/strong><br>Igualtat: <strong>Gisela\u00a0 Labastie<\/strong>, <strong>Belen Garcia<\/strong>, <strong>Regina Rodriguez<\/strong> , <strong>Muntsa Ramirez<\/strong><\/p>\n\n\n\n<h2 class=\"has-theme-palette-1-color has-text-color wp-block-heading\"><strong>Fonts de dades \u2013 Datasets<\/strong><\/h2>\n\n\n\n<p>Tots el datasets que s\u2019utilitzen per a l\u2019an\u00e0lisi i la visualitzaci\u00f3 de les dades s\u2019han obtingut de repositoris de dades obertes.<\/p>\n\n\n\n<p>A continuaci\u00f3 s\u2019indiquen les dades en q\u00fcesti\u00f3:<\/p>\n\n\n\n<figure class=\"wp-block-table\"><table><tbody><tr><td>Dades<\/td><td>Font<\/td><td>Link<\/td><\/tr><tr><td>Oferta inicial de places escolars dels estudis obligatoris<\/td><td>Generalitat de Catalunya<\/td><td><a href=\"https:\/\/analisi.transparenciacatalunya.cat\/Educaci-\/Oferta-inicial-de-places-escolars-dels-estudis-obl\/vaht-2sjk\" target=\"_blank\" rel=\"noreferrer noopener\">https:\/\/analisi.transparenciacatalunya.cat\/Educaci-\/Oferta-inicial-de-places-escolars-dels-estudis-obl\/vaht-2sjk<\/a><\/td><\/tr><tr><td>Llista d&#8217;equipaments d&#8217;educaci\u00f3 de la ciutat de Barcelona<br><\/td><td>Ajuntament de Barcelona<\/td><td><a href=\"https:\/\/opendata-ajuntament.barcelona.cat\/data\/es\/dataset\/equipament-educacio\" target=\"_blank\" rel=\"noreferrer noopener\">https:\/\/opendata-ajuntament.barcelona.cat\/data\/es\/dataset\/equipament-educacio<\/a><\/td><\/tr><tr><td>Renda tribut\u00e0ria mitjana per llar de la ciutat de Barcelona<\/td><td>Ajuntament de Barcelona<\/td><td><a href=\"https:\/\/opendata-ajuntament.barcelona.cat\/data\/ca\/dataset\/renda-tributaria-unitat-consum-atlas-distribucio\/resource\/cb629032-8de5-4a52-ba0a-c5e2410d0911\" target=\"_blank\" rel=\"noreferrer noopener\">https:\/\/opendata-ajuntament.barcelona.cat\/data\/ca\/dataset\/renda-tributaria-unitat-consum-atlas-distribucio\/resource\/cb629032-8de5-4a52-ba0a-c5e2410d0911<\/a><\/td><\/tr><tr><td>Llista d&#8217;equipaments d&#8217;educaci\u00f3 de la ciutat de Barcelona<\/td><td>Ajuntament de Barcelona<\/td><td><a href=\"https:\/\/opendata-ajuntament.barcelona.cat\/data\/es\/dataset\/equipament-educacio\" target=\"_blank\" rel=\"noreferrer noopener\">https:\/\/opendata-ajuntament.barcelona.cat\/data\/es\/dataset\/equipament-educacio<\/a><\/td><\/tr><tr><td>Parcs i jardins de la ciutat de Barcelona<\/td><td>Ajuntament de Barcelona<\/td><td><a href=\"https:\/\/opendata-ajuntament.barcelona.cat\/data\/es\/dataset\/culturailleure-parcsjardins\/resource\/b64d32a8-aea5-47a8-9826-479b211f5d46\" target=\"_blank\" rel=\"noreferrer noopener\">https:\/\/opendata-ajuntament.barcelona.cat\/data\/es\/dataset\/culturailleure-parcsjardins\/resource\/b64d32a8-aea5-47a8-9826-479b211f5d46<\/a><\/td><\/tr><tr><td>Padr\u00f3 d&#8217;habitants. Poblaci\u00f3 de la ciutat de Barcelona segons sexe<\/td><td>Ajuntament de Barcelona<\/td><td><a href=\"https:\/\/opendata-ajuntament.barcelona.cat\/data\/ca\/dataset\/est-padro-sexe\" target=\"_blank\" rel=\"noreferrer noopener\">https:\/\/opendata-ajuntament.barcelona.cat\/data\/ca\/dataset\/est-padro-sexe<\/a><\/td><\/tr><tr><td>Resid\u00e8ncies per a la gent gran de la ciutat de Barcelona<\/td><td>Ajuntament de Barcelona<\/td><td><a href=\"https:\/\/opendata-ajuntament.barcelona.cat\/data\/es\/dataset\/serveissocials-residenciesgentgran\" target=\"_blank\" rel=\"noreferrer noopener\">https:\/\/opendata-ajuntament.barcelona.cat\/data\/es\/dataset\/serveissocials-residenciesgentgran<\/a><\/td><\/tr><tr><td><\/td><td><\/td><td><\/td><\/tr><tr><td>Padr\u00f3 municipal<\/td><td>Ajuntament de Barcelona<\/td><td><a href=\"https:\/\/opendata-ajuntament.barcelona.cat\/ca\" target=\"_blank\" rel=\"noreferrer noopener\"><\/a><a target=\"_blank\" href=\"https:\/\/opendata-ajuntament.barcelona.cat\/ca\" rel=\"noreferrer noopener\">https:\/\/opendata-ajuntament.barcelona.cat\/ca<\/a><\/td><\/tr><tr><td>Departament d&#8217;estad\u00edstica i difusi\u00f3 de dades.Oficina municipal de dades<\/td><td>Ajuntament de Barcelona<\/td><td><a href=\"https:\/\/ajuntament.barcelona.cat\/estadistica\/catala\/Estadistiques_per_territori\/Documents\/barris\/39_HG_Genis_agudells_2022.pdf\" target=\"_blank\" rel=\"noreferrer noopener\"><\/a><a target=\"_blank\" href=\"https:\/\/ajuntament.barcelona.cat\/estadistica\/catala\/Estadistiques_per_territori\/Documents\/barris\/39_HG_Genis_agudells_2022.pdf\" rel=\"noreferrer noopener\">https:\/\/ajuntament.barcelona.cat\/estadistica\/catala\/Estadistiques_per_territori\/Documents\/barris\/<\/a><\/td><\/tr><tr><td>Llibre verd de pressupostos<\/td><td>Ajuntament de Barcelona<\/td><td><a href=\"https:\/\/ajuntament.barcelona.cat\/pressupostos2022\/ca\/#capital\" target=\"_blank\" rel=\"noreferrer noopener\"><\/a><a target=\"_blank\" href=\"https:\/\/ajuntament.barcelona.cat\/pressupostos2022\/ca\/#capital\" rel=\"noreferrer noopener\">https:\/\/ajuntament.barcelona.cat\/pressupostos2022\/ca\/#capital<\/a><\/td><\/tr><tr><td>Enquesta sobre l&#8217;escletxa digital<\/td><td>Open data Barcelona-Ajuntament de Barcelona<\/td><td><a href=\"https:\/\/opendata-ajuntament.barcelona.cat\/ca\/novetat-bretxa-digital\" target=\"_blank\" rel=\"noreferrer noopener\"><\/a><a target=\"_blank\" href=\"https:\/\/opendata-ajuntament.barcelona.cat\/ca\/novetat-bretxa-digital\" rel=\"noreferrer noopener\">https:\/\/opendata-ajuntament.barcelona.cat\/ca\/novetat-bretxa-digital<\/a><\/td><\/tr><tr><td>Estad\u00edstica del Padr\u00f3n continuo<\/td><td>INE<\/td><td><a href=\"https:\/\/www.ine.es\/dyngs\/INEbase\/operacion.htm?c=Estadistica_C&amp;cid=1254736177012&amp;menu=resultados&amp;idp=1254734710990\" target=\"_blank\" rel=\"noreferrer noopener\"><\/a><a target=\"_blank\" href=\"https:\/\/www.ine.es\/dyngs\/INEbase\/operacion.htm?c=Estadistica_C&amp;cid=1254736177012&amp;menu=resultados&amp;idp=1254734710990\" rel=\"noreferrer noopener\">https:\/\/www.ine.es\/dyngs\/INEbase\/operacion.htm?c=Estadistica_C&amp;cid=1254736177012&amp;menu=resultados&amp;idp=1254734710990<\/a><\/td><\/tr><tr><td>Atlas de distribuci\u00f3n de renta de los hogares<\/td><td>INE<\/td><td><a href=\"https:\/\/www.ine.es\/dynt3\/inebase\/index.htm?padre=7132\" target=\"_blank\" rel=\"noreferrer noopener\"><\/a><a target=\"_blank\" href=\"https:\/\/www.ine.es\/dynt3\/inebase\/index.htm?padre=7132\" rel=\"noreferrer noopener\">https:\/\/www.ine.es\/dynt3\/inebase\/index.htm?padre=7132<\/a><\/td><\/tr><tr><td><\/td><td><\/td><td><\/td><\/tr><tr><td>Padr\u00f3 municipal<\/td><td>Ajuntament de Barcelona<\/td><td><a href=\"https:\/\/opendata-ajuntament.barcelona.cat\/ca\" target=\"_blank\" rel=\"noreferrer noopener\"><\/a><a target=\"_blank\" href=\"https:\/\/opendata-ajuntament.barcelona.cat\/ca\" rel=\"noreferrer noopener\">https:\/\/opendata-ajuntament.barcelona.cat\/ca<\/a><\/td><\/tr><tr><td>Centres de gent gran<\/td><td>Generalitat de Catalunya<\/td><td><a href=\"https:\/\/analisi.transparenciacatalunya.cat\/ca\/\" target=\"_blank\" rel=\"noreferrer noopener\"><\/a><a target=\"_blank\" href=\"https:\/\/analisi.transparenciacatalunya.cat\/ca\/\" rel=\"noreferrer noopener\">https:\/\/analisi.transparenciacatalunya.cat\/ca\/<\/a><\/td><\/tr><tr><td><\/td><td><\/td><td><\/td><\/tr><tr><td>Renta tributaria media por hogar de la ciudad de Barcelona<\/td><td>Open Data Barcelona<\/td><td><a href=\"https:\/\/opendata-ajuntament.barcelona.cat\/data\/es\/dataset\/renda-tributaria-unitat-consum-atlas-distribucio\" target=\"_blank\" rel=\"noreferrer noopener\"><\/a><a target=\"_blank\" href=\"https:\/\/opendata-ajuntament.barcelona.cat\/data\/es\/dataset\/renda-tributaria-unitat-consum-atlas-distribucio\" rel=\"noreferrer noopener\">https:\/\/opendata-ajuntament.barcelona.cat\/data\/es\/dataset\/renda-tributaria-unitat-consum-atlas-distribucio<\/a><\/td><\/tr><tr><td>Pes del atur registrat de la poblaci\u00f3 de 16 a 64 anys de la ciutat de Barcelona<\/td><td>Open Data Barcelona<\/td><td><a href=\"https:\/\/opendata-ajuntament.barcelona.cat\/data\/ca\/dataset\/est-atur-pes\" target=\"_blank\" rel=\"noreferrer noopener\"><\/a><a target=\"_blank\" href=\"https:\/\/opendata-ajuntament.barcelona.cat\/data\/ca\/dataset\/est-atur-pes\" rel=\"noreferrer noopener\">https:\/\/opendata-ajuntament.barcelona.cat\/data\/ca\/dataset\/est-atur-pes<\/a><\/td><\/tr><tr><td>Evoluci\u00f3 Lloguer als barris de Sant Mart\u00ed<\/td><td>Open Data Barcelona<\/td><td><a href=\"https:\/\/opendata-ajuntament.barcelona.cat\/data\/ca\/dataset\/est-mercat-immobiliari-lloguer-mitja-mensual\" target=\"_blank\" rel=\"noreferrer noopener\"><\/a><a target=\"_blank\" href=\"https:\/\/opendata-ajuntament.barcelona.cat\/data\/ca\/dataset\/est-mercat-immobiliari-lloguer-mitja-mensual\" rel=\"noreferrer noopener\">https:\/\/opendata-ajuntament.barcelona.cat\/data\/ca\/dataset\/est-mercat-immobiliari-lloguer-mitja-mensual<\/a><\/td><\/tr><tr><td>Variacion del Indice General Catalunya segun el sistema IPC&nbsp;(INEI)<\/td><td>INEI<\/td><td><a href=\"https:\/\/www.ine.es\/varipc\" target=\"_blank\" rel=\"noreferrer noopener\"><\/a><a target=\"_blank\" href=\"https:\/\/www.ine.es\/varipc\" rel=\"noreferrer noopener\">https:\/\/www.ine.es\/varipc<\/a><\/td><\/tr><tr><td>Evoluci\u00f3n de la tasa anual de inflaci\u00f3n en Barcelona provincia<\/td><td>Departament d&#8217;Estad\u00edstica. Ajuntament de Barcelona<\/td><td><a href=\"https:\/\/ajuntament.barcelona.cat\/estadistica\/castella\/Estadistiques_per_temes\/Economia\/Consum_comerc_i_preus\/IPC\/base2021\/ipcev02.htm\" target=\"_blank\" rel=\"noreferrer noopener\"><\/a><a target=\"_blank\" href=\"https:\/\/ajuntament.barcelona.cat\/estadistica\/castella\/Estadistiques_per_temes\/Economia\/Consum_comerc_i_preus\/IPC\/base2021\/ipcev02.htm\" rel=\"noreferrer noopener\">https:\/\/ajuntament.barcelona.cat\/estadistica\/castella\/Estadistiques_per_temes\/Economia\/Consum_comerc_i_preus\/IPC\/base2021\/ipcev02.htm<\/a><\/td><\/tr><tr><td><\/td><td><\/td><td><\/td><\/tr><tr><td>Padr\u00f3 municipal<\/td><td>Ajuntament de Barcelona<\/td><td><a href=\"https:\/\/opendata-ajuntament.barcelona.cat\/ca\" target=\"_blank\" rel=\"noreferrer noopener\"><\/a><a target=\"_blank\" href=\"https:\/\/opendata-ajuntament.barcelona.cat\/ca\" rel=\"noreferrer noopener\">https:\/\/opendata-ajuntament.barcelona.cat\/ca<\/a><\/td><\/tr><tr><td>Centres de gent gran<\/td><td>Generalitat de Catalunya<\/td><td><a href=\"https:\/\/analisi.transparenciacatalunya.cat\/ca\/\" target=\"_blank\" rel=\"noreferrer noopener\"><\/a><a target=\"_blank\" href=\"https:\/\/analisi.transparenciacatalunya.cat\/ca\/\" rel=\"noreferrer noopener\">https:\/\/analisi.transparenciacatalunya.cat\/ca\/<\/a><\/td><\/tr><tr><td><\/td><td><\/td><td><\/td><\/tr><tr><td>Padr\u00f3 municipal<\/td><td>Ajuntament de Barcelona<\/td><td><a href=\"https:\/\/opendata-ajuntament.barcelona.cat\/ca\" target=\"_blank\" rel=\"noreferrer noopener\"><\/a><a target=\"_blank\" href=\"https:\/\/opendata-ajuntament.barcelona.cat\/ca\" rel=\"noreferrer noopener\">https:\/\/opendata-ajuntament.barcelona.cat\/ca<\/a><\/td><\/tr><tr><td>Centres de gent gran<\/td><td>Generalitat de Catalunya<\/td><td><a href=\"https:\/\/analisi.transparenciacatalunya.cat\/ca\/\" target=\"_blank\" rel=\"noreferrer noopener\"><\/a><a target=\"_blank\" href=\"https:\/\/analisi.transparenciacatalunya.cat\/ca\/\" rel=\"noreferrer noopener\">https:\/\/analisi.transparenciacatalunya.cat\/ca\/<\/a><\/td><\/tr><tr><td>Lloguer mitj\u00e0 mensual (\u20ac\/mes) i per superf\u00edcie (\u20ac\/m2) de la ciutat de Barcelona<\/td><td>Ajuntament de Barcelona<\/td><td><a href=\"https:\/\/opendata-ajuntament.barcelona.cat\/data\/ca\/dataset\/est-mercat-immobiliari-lloguer-mitja-mensual\" target=\"_blank\" rel=\"noreferrer noopener\"><\/a><a target=\"_blank\" href=\"https:\/\/opendata-ajuntament.barcelona.cat\/data\/ca\/dataset\/est-mercat-immobiliari-lloguer-mitja-mensual\" rel=\"noreferrer noopener\">https:\/\/opendata-ajuntament.barcelona.cat\/data\/ca\/dataset\/est-mercat-immobiliari-lloguer-mitja-mensual<\/a><\/td><\/tr><tr><td>Renda tribut\u00e0ria mitjana per llar de la ciutat de Barcelona<\/td><td>Ajuntament de Barcelona<\/td><td><a href=\"https:\/\/opendata-ajuntament.barcelona.cat\/data\/ca\/dataset\/renda-tributaria-unitat-consum-atlas-distribucio\/resource\/cb629032-8de5-4a52-ba0a-c5e2410d0911\" target=\"_blank\" rel=\"noreferrer noopener\"><\/a><a target=\"_blank\" href=\"https:\/\/opendata-ajuntament.barcelona.cat\/data\/ca\/dataset\/renda-tributaria-unitat-consum-atlas-distribucio\/resource\/cb629032-8de5-4a52-ba0a-c5e2410d0911\" rel=\"noreferrer noopener\">https:\/\/opendata-ajuntament.barcelona.cat\/data\/ca\/dataset\/renda-tributaria-unitat-consum-atlas-distribucio\/resource\/cb629032-8de5-4a52-ba0a-c5e2410d0911<\/a><\/td><\/tr><tr><td>Compravenda d&#8217;habitatges registrades de la ciutat de Barcelona<\/td><td>Ajuntament de Barcelona<\/td><td><a href=\"https:\/\/opendata-ajuntament.barcelona.cat\/data\/ca\/dataset\/est-mercat-immobiliari-compravenda\" target=\"_blank\" rel=\"noreferrer noopener\"><\/a><a target=\"_blank\" href=\"https:\/\/opendata-ajuntament.barcelona.cat\/data\/ca\/dataset\/est-mercat-immobiliari-compravenda\" rel=\"noreferrer noopener\">https:\/\/opendata-ajuntament.barcelona.cat\/data\/ca\/dataset\/est-mercat-immobiliari-compravenda<\/a><\/td><\/tr><tr><td>Nombre de contractes de lloguer realitzats a la ciutat de Barcelona<\/td><td>Ajuntament de Barcelona<\/td><td><a href=\"https:\/\/opendata-ajuntament.barcelona.cat\/data\/ca\/dataset\/est-mercat-immobiliari-lloguer-nombre-contractes\" target=\"_blank\" rel=\"noreferrer noopener\"><\/a><a target=\"_blank\" href=\"https:\/\/opendata-ajuntament.barcelona.cat\/data\/ca\/dataset\/est-mercat-immobiliari-lloguer-nombre-contractes\" rel=\"noreferrer noopener\">https:\/\/opendata-ajuntament.barcelona.cat\/data\/ca\/dataset\/est-mercat-immobiliari-lloguer-nombre-contractes<\/a><\/td><\/tr><tr><td><\/td><td><\/td><td><\/td><\/tr><tr><td>Padr\u00f3 municipal<\/td><td>Ajuntament de Barcelona<\/td><td><a href=\"https:\/\/opendata-ajuntament.barcelona.cat\/ca\" target=\"_blank\" rel=\"noreferrer noopener\"><\/a><a target=\"_blank\" href=\"https:\/\/opendata-ajuntament.barcelona.cat\/ca\" rel=\"noreferrer noopener\">https:\/\/opendata-ajuntament.barcelona.cat\/ca<\/a><\/td><\/tr><tr><td>Centres de gent gran<\/td><td>Generalitat de Catalunya<\/td><td><a href=\"https:\/\/analisi.transparenciacatalunya.cat\/ca\/\" target=\"_blank\" rel=\"noreferrer noopener\"><\/a><a target=\"_blank\" href=\"https:\/\/analisi.transparenciacatalunya.cat\/ca\/\" rel=\"noreferrer noopener\">https:\/\/analisi.transparenciacatalunya.cat\/ca\/<\/a><\/td><\/tr><tr><td><\/td><td><\/td><td><\/td><\/tr><tr><td>Serveis i oficines d&#8217;informaci\u00f3 i atenci\u00f3 a les dones<\/td><td>Dades obertes de Catalunya<\/td><td><a href=\"https:\/\/analisi.transparenciacatalunya.cat\/Societat-benestar\/Serveis-i-oficines-d-informaci-i-atenci-a-les-done\/fqcc-7vme\" target=\"_blank\" rel=\"noreferrer noopener\"><\/a><a target=\"_blank\" href=\"https:\/\/analisi.transparenciacatalunya.cat\/Societat-benestar\/Serveis-i-oficines-d-informaci-i-atenci-a-les-done\/fqcc-7vme\" rel=\"noreferrer noopener\">https:\/\/analisi.transparenciacatalunya.cat\/Societat-benestar\/Serveis-i-oficines-d-informaci-i-atenci-a-les-done\/fqcc-7vme<\/a><\/td><\/tr><tr><td>Padr\u00f3 d&#8217;habitants. Poblaci\u00f3 de la ciutat de Barcelona segons sexe<\/td><td>Ajuntament de Barcelona<\/td><td><a href=\"https:\/\/opendata-ajuntament.barcelona.cat\/data\/ca\/dataset\/est-padro-sexe\" target=\"_blank\" rel=\"noreferrer noopener\"><\/a><a target=\"_blank\" href=\"https:\/\/opendata-ajuntament.barcelona.cat\/data\/ca\/dataset\/est-padro-sexe\" rel=\"noreferrer noopener\">https:\/\/opendata-ajuntament.barcelona.cat\/data\/ca\/dataset\/est-padro-sexe<\/a><\/td><\/tr><tr><td><\/td><td>Dades obertes de Catalunya, amb contingut elaborat amb dades de l&#8217;Institut Catal\u00e0 de les Dones<\/td><td><a href=\"https:\/\/analisi.transparenciacatalunya.cat\/Societat-benestar\/Guia-d-entitats-de-dones-de-Catalunya\/amca-cgrp\" target=\"_blank\" rel=\"noreferrer noopener\"><\/a><a target=\"_blank\" href=\"https:\/\/analisi.transparenciacatalunya.cat\/Societat-benestar\/Guia-d-entitats-de-dones-de-Catalunya\/amca-cgrp\" rel=\"noreferrer noopener\">https:\/\/analisi.transparenciacatalunya.cat\/Societat-benestar\/Guia-d-entitats-de-dones-de-Catalunya\/amca-cgrp<\/a><\/td><\/tr><tr><td>Punts d&#8217;informaci\u00f3 i atenci\u00f3 a les dones de la ciutat de Barcelona<\/td><td>Ajuntament de Barcelona<\/td><td><a href=\"https:\/\/opendata-ajuntament.barcelona.cat\/data\/ca\/dataset\/serveissocials-puntsinformacioiatenciodones\" target=\"_blank\" rel=\"noreferrer noopener\"><\/a><a target=\"_blank\" href=\"https:\/\/opendata-ajuntament.barcelona.cat\/data\/ca\/dataset\/serveissocials-puntsinformacioiatenciodones\" rel=\"noreferrer noopener\">https:\/\/opendata-ajuntament.barcelona.cat\/data\/ca\/dataset\/serveissocials-puntsinformacioiatenciodones<\/a><\/td><\/tr><\/tbody><\/table><\/figure>\n","protected":false},"excerpt":{"rendered":"<p>Per definir les tem\u00e0tiques a tractar es va realitzar una datat\u00f3 el 26 d\u2019abril en qu\u00e8 van participar entitats dels barris de Sant Gen\u00eds dels Agudells i Sant Mart\u00ed de Proven\u00e7als. D\u2019aquesta trobada en van sortir els grups de treball i les tem\u00e0tiques a tractar, aix\u00ed com un primer conjunt de dades. A partir d\u2019aqu\u00ed&#8230;<\/p>\n","protected":false},"author":2,"featured_media":0,"parent":0,"menu_order":0,"comment_status":"closed","ping_status":"closed","template":"","meta":{"_monsterinsights_skip_tracking":false,"_monsterinsights_sitenote_active":false,"_monsterinsights_sitenote_note":"","_monsterinsights_sitenote_category":0,"_kad_post_transparent":"","_kad_post_title":"","_kad_post_layout":"","_kad_post_sidebar_id":"","_kad_post_content_style":"","_kad_post_vertical_padding":"","_kad_post_feature":"","_kad_post_feature_position":"","_kad_post_header":false,"_kad_post_footer":false,"_kad_post_classname":"","footnotes":""},"class_list":["post-1782","page","type-page","status-publish","hentry"],"yoast_head":"<!-- This site is optimized with the Yoast SEO plugin v27.5 - https:\/\/yoast.com\/product\/yoast-seo-wordpress\/ -->\n<title>Metodolog\u00eda i Dades - Dades x Barris<\/title>\n<meta name=\"robots\" content=\"index, follow, max-snippet:-1, max-image-preview:large, max-video-preview:-1\" \/>\n<link rel=\"canonical\" href=\"https:\/\/dadesxbarris.iniciativabarcelonaopendata.cat\/index.php\/metodologia\/\" \/>\n<meta property=\"og:locale\" content=\"ca_ES\" \/>\n<meta property=\"og:type\" content=\"article\" \/>\n<meta property=\"og:title\" content=\"Metodolog\u00eda i Dades - Dades x Barris\" \/>\n<meta property=\"og:description\" content=\"Per definir les tem\u00e0tiques a tractar es va realitzar una datat\u00f3 el 26 d\u2019abril en qu\u00e8 van participar entitats dels barris de Sant Gen\u00eds dels Agudells i Sant Mart\u00ed de Proven\u00e7als. D\u2019aquesta trobada en van sortir els grups de treball i les tem\u00e0tiques a tractar, aix\u00ed com un primer conjunt de dades. A partir d\u2019aqu\u00ed...\" \/>\n<meta property=\"og:url\" content=\"https:\/\/dadesxbarris.iniciativabarcelonaopendata.cat\/index.php\/metodologia\/\" \/>\n<meta property=\"og:site_name\" content=\"Dades x Barris\" \/>\n<meta property=\"article:modified_time\" content=\"2023-05-29T14:48:38+00:00\" \/>\n<meta name=\"twitter:card\" content=\"summary_large_image\" \/>\n<meta name=\"twitter:label1\" content=\"Temps estimat de lectura\" \/>\n\t<meta name=\"twitter:data1\" content=\"3 minuts\" \/>\n<script type=\"application\/ld+json\" class=\"yoast-schema-graph\">{\"@context\":\"https:\\\/\\\/schema.org\",\"@graph\":[{\"@type\":\"WebPage\",\"@id\":\"https:\\\/\\\/dadesxbarris.iniciativabarcelonaopendata.cat\\\/index.php\\\/metodologia\\\/\",\"url\":\"https:\\\/\\\/dadesxbarris.iniciativabarcelonaopendata.cat\\\/index.php\\\/metodologia\\\/\",\"name\":\"Metodolog\u00eda i Dades - Dades x Barris\",\"isPartOf\":{\"@id\":\"https:\\\/\\\/dadesxbarris.iniciativabarcelonaopendata.cat\\\/#website\"},\"datePublished\":\"2022-07-25T11:39:43+00:00\",\"dateModified\":\"2023-05-29T14:48:38+00:00\",\"breadcrumb\":{\"@id\":\"https:\\\/\\\/dadesxbarris.iniciativabarcelonaopendata.cat\\\/index.php\\\/metodologia\\\/#breadcrumb\"},\"inLanguage\":\"ca\",\"potentialAction\":[{\"@type\":\"ReadAction\",\"target\":[\"https:\\\/\\\/dadesxbarris.iniciativabarcelonaopendata.cat\\\/index.php\\\/metodologia\\\/\"]}]},{\"@type\":\"BreadcrumbList\",\"@id\":\"https:\\\/\\\/dadesxbarris.iniciativabarcelonaopendata.cat\\\/index.php\\\/metodologia\\\/#breadcrumb\",\"itemListElement\":[{\"@type\":\"ListItem\",\"position\":1,\"name\":\"Inici\",\"item\":\"https:\\\/\\\/dadesxbarris.iniciativabarcelonaopendata.cat\\\/\"},{\"@type\":\"ListItem\",\"position\":2,\"name\":\"Metodolog\u00eda i Dades\"}]},{\"@type\":\"WebSite\",\"@id\":\"https:\\\/\\\/dadesxbarris.iniciativabarcelonaopendata.cat\\\/#website\",\"url\":\"https:\\\/\\\/dadesxbarris.iniciativabarcelonaopendata.cat\\\/\",\"name\":\"Dades x Barris\",\"description\":\"Web d\u2019intervenci\u00f3 social als barris per a les entitats Economia Social i Solid\u00e0ria\",\"publisher\":{\"@id\":\"https:\\\/\\\/dadesxbarris.iniciativabarcelonaopendata.cat\\\/#organization\"},\"potentialAction\":[{\"@type\":\"SearchAction\",\"target\":{\"@type\":\"EntryPoint\",\"urlTemplate\":\"https:\\\/\\\/dadesxbarris.iniciativabarcelonaopendata.cat\\\/?s={search_term_string}\"},\"query-input\":{\"@type\":\"PropertyValueSpecification\",\"valueRequired\":true,\"valueName\":\"search_term_string\"}}],\"inLanguage\":\"ca\"},{\"@type\":\"Organization\",\"@id\":\"https:\\\/\\\/dadesxbarris.iniciativabarcelonaopendata.cat\\\/#organization\",\"name\":\"DataWoman\",\"url\":\"https:\\\/\\\/dadesxbarris.iniciativabarcelonaopendata.cat\\\/\",\"logo\":{\"@type\":\"ImageObject\",\"inLanguage\":\"ca\",\"@id\":\"https:\\\/\\\/dadesxbarris.iniciativabarcelonaopendata.cat\\\/#\\\/schema\\\/logo\\\/image\\\/\",\"url\":\"https:\\\/\\\/dadesxbarris.iniciativabarcelonaopendata.cat\\\/wp-content\\\/uploads\\\/2022\\\/05\\\/Lila_rediseno_W-1.png\",\"contentUrl\":\"https:\\\/\\\/dadesxbarris.iniciativabarcelonaopendata.cat\\\/wp-content\\\/uploads\\\/2022\\\/05\\\/Lila_rediseno_W-1.png\",\"width\":3333,\"height\":3333,\"caption\":\"DataWoman\"},\"image\":{\"@id\":\"https:\\\/\\\/dadesxbarris.iniciativabarcelonaopendata.cat\\\/#\\\/schema\\\/logo\\\/image\\\/\"}}]}<\/script>\n<!-- \/ Yoast SEO plugin. -->","yoast_head_json":{"title":"Metodolog\u00eda i Dades - Dades x Barris","robots":{"index":"index","follow":"follow","max-snippet":"max-snippet:-1","max-image-preview":"max-image-preview:large","max-video-preview":"max-video-preview:-1"},"canonical":"https:\/\/dadesxbarris.iniciativabarcelonaopendata.cat\/index.php\/metodologia\/","og_locale":"ca_ES","og_type":"article","og_title":"Metodolog\u00eda i Dades - Dades x Barris","og_description":"Per definir les tem\u00e0tiques a tractar es va realitzar una datat\u00f3 el 26 d\u2019abril en qu\u00e8 van participar entitats dels barris de Sant Gen\u00eds dels Agudells i Sant Mart\u00ed de Proven\u00e7als. D\u2019aquesta trobada en van sortir els grups de treball i les tem\u00e0tiques a tractar, aix\u00ed com un primer conjunt de dades. A partir d\u2019aqu\u00ed...","og_url":"https:\/\/dadesxbarris.iniciativabarcelonaopendata.cat\/index.php\/metodologia\/","og_site_name":"Dades x Barris","article_modified_time":"2023-05-29T14:48:38+00:00","twitter_card":"summary_large_image","twitter_misc":{"Temps estimat de lectura":"3 minuts"},"schema":{"@context":"https:\/\/schema.org","@graph":[{"@type":"WebPage","@id":"https:\/\/dadesxbarris.iniciativabarcelonaopendata.cat\/index.php\/metodologia\/","url":"https:\/\/dadesxbarris.iniciativabarcelonaopendata.cat\/index.php\/metodologia\/","name":"Metodolog\u00eda i Dades - Dades x Barris","isPartOf":{"@id":"https:\/\/dadesxbarris.iniciativabarcelonaopendata.cat\/#website"},"datePublished":"2022-07-25T11:39:43+00:00","dateModified":"2023-05-29T14:48:38+00:00","breadcrumb":{"@id":"https:\/\/dadesxbarris.iniciativabarcelonaopendata.cat\/index.php\/metodologia\/#breadcrumb"},"inLanguage":"ca","potentialAction":[{"@type":"ReadAction","target":["https:\/\/dadesxbarris.iniciativabarcelonaopendata.cat\/index.php\/metodologia\/"]}]},{"@type":"BreadcrumbList","@id":"https:\/\/dadesxbarris.iniciativabarcelonaopendata.cat\/index.php\/metodologia\/#breadcrumb","itemListElement":[{"@type":"ListItem","position":1,"name":"Inici","item":"https:\/\/dadesxbarris.iniciativabarcelonaopendata.cat\/"},{"@type":"ListItem","position":2,"name":"Metodolog\u00eda i Dades"}]},{"@type":"WebSite","@id":"https:\/\/dadesxbarris.iniciativabarcelonaopendata.cat\/#website","url":"https:\/\/dadesxbarris.iniciativabarcelonaopendata.cat\/","name":"Dades x Barris","description":"Web d\u2019intervenci\u00f3 social als barris per a les entitats Economia Social i Solid\u00e0ria","publisher":{"@id":"https:\/\/dadesxbarris.iniciativabarcelonaopendata.cat\/#organization"},"potentialAction":[{"@type":"SearchAction","target":{"@type":"EntryPoint","urlTemplate":"https:\/\/dadesxbarris.iniciativabarcelonaopendata.cat\/?s={search_term_string}"},"query-input":{"@type":"PropertyValueSpecification","valueRequired":true,"valueName":"search_term_string"}}],"inLanguage":"ca"},{"@type":"Organization","@id":"https:\/\/dadesxbarris.iniciativabarcelonaopendata.cat\/#organization","name":"DataWoman","url":"https:\/\/dadesxbarris.iniciativabarcelonaopendata.cat\/","logo":{"@type":"ImageObject","inLanguage":"ca","@id":"https:\/\/dadesxbarris.iniciativabarcelonaopendata.cat\/#\/schema\/logo\/image\/","url":"https:\/\/dadesxbarris.iniciativabarcelonaopendata.cat\/wp-content\/uploads\/2022\/05\/Lila_rediseno_W-1.png","contentUrl":"https:\/\/dadesxbarris.iniciativabarcelonaopendata.cat\/wp-content\/uploads\/2022\/05\/Lila_rediseno_W-1.png","width":3333,"height":3333,"caption":"DataWoman"},"image":{"@id":"https:\/\/dadesxbarris.iniciativabarcelonaopendata.cat\/#\/schema\/logo\/image\/"}}]}},"_links":{"self":[{"href":"https:\/\/dadesxbarris.iniciativabarcelonaopendata.cat\/index.php\/wp-json\/wp\/v2\/pages\/1782","targetHints":{"allow":["GET"]}}],"collection":[{"href":"https:\/\/dadesxbarris.iniciativabarcelonaopendata.cat\/index.php\/wp-json\/wp\/v2\/pages"}],"about":[{"href":"https:\/\/dadesxbarris.iniciativabarcelonaopendata.cat\/index.php\/wp-json\/wp\/v2\/types\/page"}],"author":[{"embeddable":true,"href":"https:\/\/dadesxbarris.iniciativabarcelonaopendata.cat\/index.php\/wp-json\/wp\/v2\/users\/2"}],"replies":[{"embeddable":true,"href":"https:\/\/dadesxbarris.iniciativabarcelonaopendata.cat\/index.php\/wp-json\/wp\/v2\/comments?post=1782"}],"version-history":[{"count":10,"href":"https:\/\/dadesxbarris.iniciativabarcelonaopendata.cat\/index.php\/wp-json\/wp\/v2\/pages\/1782\/revisions"}],"predecessor-version":[{"id":2046,"href":"https:\/\/dadesxbarris.iniciativabarcelonaopendata.cat\/index.php\/wp-json\/wp\/v2\/pages\/1782\/revisions\/2046"}],"wp:attachment":[{"href":"https:\/\/dadesxbarris.iniciativabarcelonaopendata.cat\/index.php\/wp-json\/wp\/v2\/media?parent=1782"}],"curies":[{"name":"wp","href":"https:\/\/api.w.org\/{rel}","templated":true}]}}